{"id":1553,"date":"2019-07-04T09:11:36","date_gmt":"2019-07-04T07:11:36","guid":{"rendered":"https:\/\/alfredovergara.com\/quienes-somos\/"},"modified":"2025-07-11T13:00:29","modified_gmt":"2025-07-11T11:00:29","slug":"qui-som","status":"publish","type":"page","link":"https:\/\/alfredovergara.com\/ca\/qui-som\/","title":{"rendered":"Qui Som"},"content":{"rendered":"\t\t<div data-elementor-type=\"wp-post\" data-elementor-id=\"1553\" class=\"elementor elementor-1553 elementor-20\">\n\t\t\t\t<div class=\"elementor-element elementor-element-4398186 e-flex e-con-boxed e-con e-parent\" data-id=\"4398186\" data-element_type=\"container\" data-settings=\"{&quot;jet_parallax_layout_list&quot;:[]}\">\n\t\t\t\t\t<div class=\"e-con-inner\">\n\t\t\t\t<div class=\"elementor-element elementor-element-e22c6ca elementor-widget__width-initial elementor-align-left elementor-widget elementor-widget-raven-heading\" data-id=\"e22c6ca\" data-element_type=\"widget\" data-widget_type=\"raven-heading.default\">\n\t\t\t\t<div class=\"elementor-widget-container\">\n\t\t\t\t\t\t\t<div class=\"raven-widget-wrapper\"><h1 class=\"raven-heading raven-heading-h1\"><span class=\"raven-heading-title \">Compromesos amb la distribuci\u00f3 d'aromes industrials a Espanya<\/span><\/h1><\/div>\r\n\t\t\t\t\t\t<\/div>\n\t\t\t\t<\/div>\n\t\t\t\t\t<\/div>\n\t\t\t\t<\/div>\n\t\t<div class=\"elementor-element elementor-element-50dd16c e-flex e-con-boxed e-con e-parent\" data-id=\"50dd16c\" data-element_type=\"container\" data-settings=\"{&quot;jet_parallax_layout_list&quot;:[{&quot;jet_parallax_layout_image&quot;:{&quot;url&quot;:&quot;&quot;,&quot;id&quot;:&quot;&quot;,&quot;size&quot;:&quot;&quot;},&quot;_id&quot;:&quot;46c6b16&quot;,&quot;jet_parallax_layout_image_tablet&quot;:{&quot;url&quot;:&quot;&quot;,&quot;id&quot;:&quot;&quot;,&quot;size&quot;:&quot;&quot;},&quot;jet_parallax_layout_image_mobile&quot;:{&quot;url&quot;:&quot;&quot;,&quot;id&quot;:&quot;&quot;,&quot;size&quot;:&quot;&quot;},&quot;jet_parallax_layout_speed&quot;:{&quot;unit&quot;:&quot;%&quot;,&quot;size&quot;:&quot;50&quot;,&quot;sizes&quot;:[]},&quot;jet_parallax_layout_bg_x&quot;:&quot;50&quot;,&quot;jet_parallax_layout_bg_y&quot;:&quot;50&quot;,&quot;jet_parallax_layout_type&quot;:&quot;scroll&quot;,&quot;jet_parallax_layout_direction&quot;:null,&quot;jet_parallax_layout_fx_direction&quot;:null,&quot;jet_parallax_layout_z_index&quot;:&quot;&quot;,&quot;jet_parallax_layout_bg_x_tablet&quot;:&quot;&quot;,&quot;jet_parallax_layout_bg_x_mobile&quot;:&quot;&quot;,&quot;jet_parallax_layout_bg_y_tablet&quot;:&quot;&quot;,&quot;jet_parallax_layout_bg_y_mobile&quot;:&quot;&quot;,&quot;jet_parallax_layout_bg_size&quot;:&quot;auto&quot;,&quot;jet_parallax_layout_bg_size_tablet&quot;:&quot;&quot;,&quot;jet_parallax_layout_bg_size_mobile&quot;:&quot;&quot;,&quot;jet_parallax_layout_animation_prop&quot;:&quot;transform&quot;,&quot;jet_parallax_layout_on&quot;:[&quot;desktop&quot;,&quot;tablet&quot;]}]}\">\n\t\t\t\t\t<div class=\"e-con-inner\">\n\t\t<div class=\"elementor-element elementor-element-57b17cf e-con-full e-flex e-con e-child\" data-id=\"57b17cf\" data-element_type=\"container\" data-settings=\"{&quot;jet_parallax_layout_list&quot;:[]}\">\n\t\t<div class=\"elementor-element elementor-element-98e4093 e-con-full e-flex e-con e-child\" data-id=\"98e4093\" data-element_type=\"container\" data-settings=\"{&quot;jet_parallax_layout_list&quot;:[]}\">\n\t\t\t\t<div class=\"elementor-element elementor-element-143b19b elementor-widget elementor-widget-image\" data-id=\"143b19b\" data-element_type=\"widget\" data-widget_type=\"image.default\">\n\t\t\t\t<div class=\"elementor-widget-container\">\n\t\t\t\t\t\t\t\t\t\t\t\t\t\t\t<img fetchpriority=\"high\" decoding=\"async\" width=\"1114\" height=\"1191\" src=\"https:\/\/alfredovergara.com\/wp-content\/uploads\/Edificio_Vergara.png\" class=\"attachment-full size-full wp-image-1516\" alt=\"Oficinas Alfredo Vergara\" srcset=\"https:\/\/alfredovergara.com\/wp-content\/uploads\/Edificio_Vergara.png 1114w, https:\/\/alfredovergara.com\/wp-content\/uploads\/Edificio_Vergara-281x300.png 281w, https:\/\/alfredovergara.com\/wp-content\/uploads\/Edificio_Vergara-958x1024.png 958w, https:\/\/alfredovergara.com\/wp-content\/uploads\/Edificio_Vergara-768x821.png 768w\" sizes=\"(max-width: 1114px) 100vw, 1114px\" \/>\t\t\t\t\t\t\t\t\t\t\t\t\t\t\t<\/div>\n\t\t\t\t<\/div>\n\t\t\t\t<\/div>\n\t\t<div class=\"elementor-element elementor-element-a379265 e-con-full e-flex e-con e-child\" data-id=\"a379265\" data-element_type=\"container\" data-settings=\"{&quot;jet_parallax_layout_list&quot;:[]}\">\n\t\t\t\t<div class=\"elementor-element elementor-element-982efc6 elementor-align-left elementor-widget elementor-widget-raven-heading\" data-id=\"982efc6\" data-element_type=\"widget\" data-widget_type=\"raven-heading.default\">\n\t\t\t\t<div class=\"elementor-widget-container\">\n\t\t\t\t\t\t\t<div class=\"raven-widget-wrapper\"><h2 class=\"raven-heading raven-heading-h2\"><span class=\"raven-heading-title \">Hist\u00f2ria i creixement d'Alfredo Vergara S.L.<\/span><\/h2><\/div>\r\n\t\t\t\t\t\t<\/div>\n\t\t\t\t<\/div>\n\t\t\t\t<div class=\"elementor-element elementor-element-7991069 elementor-widget elementor-widget-text-editor\" data-id=\"7991069\" data-element_type=\"widget\" data-widget_type=\"text-editor.default\">\n\t\t\t\t<div class=\"elementor-widget-container\">\n\t\t\t\t\t\t\t\t\t<p>Des de 1992, <strong>Alfredo Vergara S.L.<\/strong> distribueix en exclusiva les aromes de <strong>dsm-firmenich<\/strong> a Espanya per a les ind\u00fastries aliment\u00e0ria i farmac\u00e8utica. La nostra tasca va n\u00e9ixer per refor\u00e7ar la seva pres\u00e8ncia local, liderada per qui en fos el director comercial al pa\u00eds.<\/p><p>Aquesta col\u00b7laboraci\u00f3 ha impulsat un creixement sostingut i una s\u00f2lida consolidaci\u00f3 al mercat nacional.<\/p><p>Des de les nostres oficines a <strong>Sant Joan Desp\u00ed<\/strong>, gestionem les \u00e0rees de<strong> direcci\u00f3, comercial, log\u00edstica i t\u00e8cnica<\/strong> i comptem amb un <strong>laboratori d&#8217;aplicaci\u00f3<\/strong> que permet oferir solucions personalitzades.<\/p><p>Disposem d&#8217;un <strong>magatzem especialitzat<\/strong> per a productes alimentaris i treballem en estreta col\u00b7laboraci\u00f3 amb l&#8217;equip t\u00e8cnic de <strong>dsm-firmenich<\/strong>, tant a Barcelona com a nivell global.<\/p>\t\t\t\t\t\t\t\t<\/div>\n\t\t\t\t<\/div>\n\t\t\t\t<\/div>\n\t\t\t\t<\/div>\n\t\t\t\t\t<\/div>\n\t\t\t\t<\/div>\n\t\t<div class=\"elementor-element elementor-element-6764041 e-flex e-con-boxed e-con e-parent\" data-id=\"6764041\" data-element_type=\"container\" data-settings=\"{&quot;jet_parallax_layout_list&quot;:[{&quot;jet_parallax_layout_image&quot;:{&quot;url&quot;:&quot;&quot;,&quot;id&quot;:&quot;&quot;,&quot;size&quot;:&quot;&quot;},&quot;_id&quot;:&quot;6daa41d&quot;,&quot;jet_parallax_layout_image_tablet&quot;:{&quot;url&quot;:&quot;&quot;,&quot;id&quot;:&quot;&quot;,&quot;size&quot;:&quot;&quot;},&quot;jet_parallax_layout_image_mobile&quot;:{&quot;url&quot;:&quot;&quot;,&quot;id&quot;:&quot;&quot;,&quot;size&quot;:&quot;&quot;},&quot;jet_parallax_layout_speed&quot;:{&quot;unit&quot;:&quot;%&quot;,&quot;size&quot;:&quot;50&quot;,&quot;sizes&quot;:[]},&quot;jet_parallax_layout_bg_x&quot;:&quot;50&quot;,&quot;jet_parallax_layout_bg_y&quot;:&quot;50&quot;,&quot;jet_parallax_layout_type&quot;:&quot;scroll&quot;,&quot;jet_parallax_layout_direction&quot;:null,&quot;jet_parallax_layout_fx_direction&quot;:null,&quot;jet_parallax_layout_z_index&quot;:&quot;&quot;,&quot;jet_parallax_layout_bg_x_tablet&quot;:&quot;&quot;,&quot;jet_parallax_layout_bg_x_mobile&quot;:&quot;&quot;,&quot;jet_parallax_layout_bg_y_tablet&quot;:&quot;&quot;,&quot;jet_parallax_layout_bg_y_mobile&quot;:&quot;&quot;,&quot;jet_parallax_layout_bg_size&quot;:&quot;auto&quot;,&quot;jet_parallax_layout_bg_size_tablet&quot;:&quot;&quot;,&quot;jet_parallax_layout_bg_size_mobile&quot;:&quot;&quot;,&quot;jet_parallax_layout_animation_prop&quot;:&quot;transform&quot;,&quot;jet_parallax_layout_on&quot;:[&quot;desktop&quot;,&quot;tablet&quot;]}]}\">\n\t\t\t\t\t<div class=\"e-con-inner\">\n\t\t<div class=\"elementor-element elementor-element-dd43b5f e-con-full e-flex e-con e-child\" data-id=\"dd43b5f\" data-element_type=\"container\" data-settings=\"{&quot;jet_parallax_layout_list&quot;:[]}\">\n\t\t\t\t<div class=\"elementor-element elementor-element-fa415a8 elementor-mobile-align-left elementor-align-left elementor-widget elementor-widget-raven-heading\" data-id=\"fa415a8\" data-element_type=\"widget\" data-widget_type=\"raven-heading.default\">\n\t\t\t\t<div class=\"elementor-widget-container\">\n\t\t\t\t\t\t\t<div class=\"raven-widget-wrapper\"><h2 class=\"raven-heading raven-heading-h2\"><span class=\"raven-heading-title \">Missi\u00f3, visi\u00f3 i valors<\/span><\/h2><\/div>\r\n\t\t\t\t\t\t<\/div>\n\t\t\t\t<\/div>\n\t\t\t\t<\/div>\n\t\t\t\t\t<\/div>\n\t\t\t\t<\/div>\n\t\t<div class=\"elementor-element elementor-element-e0f3c3f e-flex e-con-boxed e-con e-parent\" data-id=\"e0f3c3f\" data-element_type=\"container\" data-settings=\"{&quot;jet_parallax_layout_list&quot;:[]}\">\n\t\t\t\t\t<div class=\"e-con-inner\">\n\t\t<div class=\"elementor-element elementor-element-8a4d222 e-con-full e-flex e-con e-child\" data-id=\"8a4d222\" data-element_type=\"container\" data-settings=\"{&quot;jet_parallax_layout_list&quot;:[]}\">\n\t\t\t\t<div class=\"elementor-element elementor-element-21bcd5e elementor-mobile-align-left elementor-align-left elementor-widget elementor-widget-raven-heading\" data-id=\"21bcd5e\" data-element_type=\"widget\" data-widget_type=\"raven-heading.default\">\n\t\t\t\t<div class=\"elementor-widget-container\">\n\t\t\t\t\t\t\t<div class=\"raven-widget-wrapper\"><p class=\"raven-heading raven-heading-p\"><span class=\"raven-heading-title \">Missi\u00f3<\/span><\/p><\/div>\r\n\t\t\t\t\t\t<\/div>\n\t\t\t\t<\/div>\n\t\t\t\t<div class=\"elementor-element elementor-element-49e4adf elementor-widget elementor-widget-text-editor\" data-id=\"49e4adf\" data-element_type=\"widget\" data-widget_type=\"text-editor.default\">\n\t\t\t\t<div class=\"elementor-widget-container\">\n\t\t\t\t\t\t\t\t\t<p><strong>Oferir solucions innovadores en aromes<\/strong> per a la ind\u00fastria aliment\u00e0ria i farmac\u00e8utica basant-nos en m\u00e9s de 25 anys d&#8217;experi\u00e8ncia. Acompanyem els nostres clients en el desenvolupament de <strong>productes exitosos i diferenciats<\/strong>, aportant coneixement t\u00e8cnic i proximitat a cada projecte.<\/p>\t\t\t\t\t\t\t\t<\/div>\n\t\t\t\t<\/div>\n\t\t\t\t<\/div>\n\t\t<div class=\"elementor-element elementor-element-6e7ec1e e-con-full e-flex e-con e-child\" data-id=\"6e7ec1e\" data-element_type=\"container\" data-settings=\"{&quot;jet_parallax_layout_list&quot;:[]}\">\n\t\t\t\t<div class=\"elementor-element elementor-element-031edb2 elementor-mobile-align-left elementor-align-left elementor-widget elementor-widget-raven-heading\" data-id=\"031edb2\" data-element_type=\"widget\" data-widget_type=\"raven-heading.default\">\n\t\t\t\t<div class=\"elementor-widget-container\">\n\t\t\t\t\t\t\t<div class=\"raven-widget-wrapper\"><p class=\"raven-heading raven-heading-p\"><span class=\"raven-heading-title \">Visi\u00f3<\/span><\/p><\/div>\r\n\t\t\t\t\t\t<\/div>\n\t\t\t\t<\/div>\n\t\t\t\t<div class=\"elementor-element elementor-element-c90f1cf elementor-widget elementor-widget-text-editor\" data-id=\"c90f1cf\" data-element_type=\"widget\" data-widget_type=\"text-editor.default\">\n\t\t\t\t<div class=\"elementor-widget-container\">\n\t\t\t\t\t\t\t\t\t<p>Volem ser el <strong>soci de refer\u00e8ncia en solucions sostenibles<\/strong>, ajudant els nostres clients a desenvolupar productes amb impacte positiu: des d&#8217;opcions m\u00e9s respectuoses amb el medi ambient fins a propostes que contribueixen al benestar i la salut. <strong>Aspirem a ampliar l&#8217;acc\u00e9s a productes d&#8217;alta qualitat<\/strong>, rellevants pel consumidor actual i la societat en conjunt.<\/p>\t\t\t\t\t\t\t\t<\/div>\n\t\t\t\t<\/div>\n\t\t\t\t<\/div>\n\t\t\t\t\t<\/div>\n\t\t\t\t<\/div>\n\t\t<div class=\"elementor-element elementor-element-b01b0a8 e-flex e-con-boxed e-con e-parent\" data-id=\"b01b0a8\" data-element_type=\"container\" data-settings=\"{&quot;jet_parallax_layout_list&quot;:[{&quot;jet_parallax_layout_image&quot;:{&quot;url&quot;:&quot;&quot;,&quot;id&quot;:&quot;&quot;,&quot;size&quot;:&quot;&quot;},&quot;_id&quot;:&quot;6daa41d&quot;,&quot;jet_parallax_layout_image_tablet&quot;:{&quot;url&quot;:&quot;&quot;,&quot;id&quot;:&quot;&quot;,&quot;size&quot;:&quot;&quot;},&quot;jet_parallax_layout_image_mobile&quot;:{&quot;url&quot;:&quot;&quot;,&quot;id&quot;:&quot;&quot;,&quot;size&quot;:&quot;&quot;},&quot;jet_parallax_layout_speed&quot;:{&quot;unit&quot;:&quot;%&quot;,&quot;size&quot;:&quot;50&quot;,&quot;sizes&quot;:[]},&quot;jet_parallax_layout_bg_x&quot;:&quot;50&quot;,&quot;jet_parallax_layout_bg_y&quot;:&quot;50&quot;,&quot;jet_parallax_layout_type&quot;:&quot;scroll&quot;,&quot;jet_parallax_layout_direction&quot;:null,&quot;jet_parallax_layout_fx_direction&quot;:null,&quot;jet_parallax_layout_z_index&quot;:&quot;&quot;,&quot;jet_parallax_layout_bg_x_tablet&quot;:&quot;&quot;,&quot;jet_parallax_layout_bg_x_mobile&quot;:&quot;&quot;,&quot;jet_parallax_layout_bg_y_tablet&quot;:&quot;&quot;,&quot;jet_parallax_layout_bg_y_mobile&quot;:&quot;&quot;,&quot;jet_parallax_layout_bg_size&quot;:&quot;auto&quot;,&quot;jet_parallax_layout_bg_size_tablet&quot;:&quot;&quot;,&quot;jet_parallax_layout_bg_size_mobile&quot;:&quot;&quot;,&quot;jet_parallax_layout_animation_prop&quot;:&quot;transform&quot;,&quot;jet_parallax_layout_on&quot;:[&quot;desktop&quot;,&quot;tablet&quot;]}]}\">\n\t\t\t\t\t<div class=\"e-con-inner\">\n\t\t<div class=\"elementor-element elementor-element-3a81173 e-con-full e-flex e-con e-child\" data-id=\"3a81173\" data-element_type=\"container\" data-settings=\"{&quot;jet_parallax_layout_list&quot;:[]}\">\n\t\t\t\t<div class=\"elementor-element elementor-element-0cd669b elementor-mobile-align-left elementor-align-left elementor-widget elementor-widget-raven-heading\" data-id=\"0cd669b\" data-element_type=\"widget\" data-widget_type=\"raven-heading.default\">\n\t\t\t\t<div class=\"elementor-widget-container\">\n\t\t\t\t\t\t\t<div class=\"raven-widget-wrapper\"><p class=\"raven-heading raven-heading-p\"><span class=\"raven-heading-title \">Valors<\/span><\/p><\/div>\r\n\t\t\t\t\t\t<\/div>\n\t\t\t\t<\/div>\n\t\t\t\t<\/div>\n\t\t\t\t\t<\/div>\n\t\t\t\t<\/div>\n\t\t<div class=\"elementor-element elementor-element-f31153d e-flex e-con-boxed e-con e-parent\" data-id=\"f31153d\" data-element_type=\"container\" data-settings=\"{&quot;jet_parallax_layout_list&quot;:[{&quot;jet_parallax_layout_image&quot;:{&quot;url&quot;:&quot;&quot;,&quot;id&quot;:&quot;&quot;,&quot;size&quot;:&quot;&quot;},&quot;_id&quot;:&quot;e10de44&quot;,&quot;jet_parallax_layout_image_tablet&quot;:{&quot;url&quot;:&quot;&quot;,&quot;id&quot;:&quot;&quot;,&quot;size&quot;:&quot;&quot;},&quot;jet_parallax_layout_image_mobile&quot;:{&quot;url&quot;:&quot;&quot;,&quot;id&quot;:&quot;&quot;,&quot;size&quot;:&quot;&quot;},&quot;jet_parallax_layout_speed&quot;:{&quot;unit&quot;:&quot;%&quot;,&quot;size&quot;:&quot;50&quot;,&quot;sizes&quot;:[]},&quot;jet_parallax_layout_bg_x&quot;:&quot;50&quot;,&quot;jet_parallax_layout_bg_y&quot;:&quot;50&quot;,&quot;jet_parallax_layout_type&quot;:&quot;scroll&quot;,&quot;jet_parallax_layout_direction&quot;:null,&quot;jet_parallax_layout_fx_direction&quot;:null,&quot;jet_parallax_layout_z_index&quot;:&quot;&quot;,&quot;jet_parallax_layout_bg_x_tablet&quot;:&quot;&quot;,&quot;jet_parallax_layout_bg_x_mobile&quot;:&quot;&quot;,&quot;jet_parallax_layout_bg_y_tablet&quot;:&quot;&quot;,&quot;jet_parallax_layout_bg_y_mobile&quot;:&quot;&quot;,&quot;jet_parallax_layout_bg_size&quot;:&quot;auto&quot;,&quot;jet_parallax_layout_bg_size_tablet&quot;:&quot;&quot;,&quot;jet_parallax_layout_bg_size_mobile&quot;:&quot;&quot;,&quot;jet_parallax_layout_animation_prop&quot;:&quot;transform&quot;,&quot;jet_parallax_layout_on&quot;:[&quot;desktop&quot;,&quot;tablet&quot;]}]}\">\n\t\t\t\t\t<div class=\"e-con-inner\">\n\t\t<div class=\"elementor-element elementor-element-c443876 e-con-full e-flex e-con e-child\" data-id=\"c443876\" data-element_type=\"container\" data-settings=\"{&quot;background_background&quot;:&quot;classic&quot;,&quot;jet_parallax_layout_list&quot;:[]}\">\n\t\t\t\t<div class=\"elementor-element elementor-element-3fac368 elementor-view-default elementor-position-top elementor-mobile-position-top elementor-widget elementor-widget-icon-box\" data-id=\"3fac368\" data-element_type=\"widget\" data-widget_type=\"icon-box.default\">\n\t\t\t\t<div class=\"elementor-widget-container\">\n\t\t\t\t\t\t\t<div class=\"elementor-icon-box-wrapper\">\n\n\t\t\t\t\t\t<div class=\"elementor-icon-box-icon\">\n\t\t\t\t<span  class=\"elementor-icon\">\n\t\t\t\t<svg aria-hidden=\"true\" class=\"e-font-icon-svg e-fas-hands-helping\" viewBox=\"0 0 640 512\" xmlns=\"http:\/\/www.w3.org\/2000\/svg\"><path d=\"M488 192H336v56c0 39.7-32.3 72-72 72s-72-32.3-72-72V126.4l-64.9 39C107.8 176.9 96 197.8 96 220.2v47.3l-80 46.2C.7 322.5-4.6 342.1 4.3 357.4l80 138.6c8.8 15.3 28.4 20.5 43.7 11.7L231.4 448H368c35.3 0 64-28.7 64-64h16c17.7 0 32-14.3 32-32v-64h8c13.3 0 24-10.7 24-24v-48c0-13.3-10.7-24-24-24zm147.7-37.4L555.7 16C546.9.7 527.3-4.5 512 4.3L408.6 64H306.4c-12 0-23.7 3.4-33.9 9.7L239 94.6c-9.4 5.8-15 16.1-15 27.1V248c0 22.1 17.9 40 40 40s40-17.9 40-40v-88h184c30.9 0 56 25.1 56 56v28.5l80-46.2c15.3-8.9 20.5-28.4 11.7-43.7z\"><\/path><\/svg>\t\t\t\t<\/span>\n\t\t\t<\/div>\n\t\t\t\n\t\t\t\t\t\t<div class=\"elementor-icon-box-content\">\n\n\t\t\t\t\t\t\t\t\t<p class=\"elementor-icon-box-title\">\n\t\t\t\t\t\t<span  >\n\t\t\t\t\t\t\tExperi\u00e8ncia i comprom\u00eds\t\t\t\t\t\t<\/span>\n\t\t\t\t\t<\/p>\n\t\t\t\t\n\t\t\t\t\t\t\t\t\t<p class=\"elementor-icon-box-description\">\n\t\t\t\t\t\tM\u00e9s de 25 anys al sector aportant coneixement i confian\u00e7a\t\t\t\t\t<\/p>\n\t\t\t\t\n\t\t\t<\/div>\n\t\t\t\n\t\t<\/div>\n\t\t\t\t\t\t<\/div>\n\t\t\t\t<\/div>\n\t\t\t\t<\/div>\n\t\t<div class=\"elementor-element elementor-element-5256e68 e-con-full e-flex e-con e-child\" data-id=\"5256e68\" data-element_type=\"container\" data-settings=\"{&quot;background_background&quot;:&quot;classic&quot;,&quot;jet_parallax_layout_list&quot;:[]}\">\n\t\t\t\t<div class=\"elementor-element elementor-element-356d015 elementor-view-default elementor-position-top elementor-mobile-position-top elementor-widget elementor-widget-icon-box\" data-id=\"356d015\" data-element_type=\"widget\" data-widget_type=\"icon-box.default\">\n\t\t\t\t<div class=\"elementor-widget-container\">\n\t\t\t\t\t\t\t<div class=\"elementor-icon-box-wrapper\">\n\n\t\t\t\t\t\t<div class=\"elementor-icon-box-icon\">\n\t\t\t\t<span  class=\"elementor-icon\">\n\t\t\t\t<svg aria-hidden=\"true\" class=\"e-font-icon-svg e-fas-check\" viewBox=\"0 0 512 512\" xmlns=\"http:\/\/www.w3.org\/2000\/svg\"><path d=\"M173.898 439.404l-166.4-166.4c-9.997-9.997-9.997-26.206 0-36.204l36.203-36.204c9.997-9.998 26.207-9.998 36.204 0L192 312.69 432.095 72.596c9.997-9.997 26.207-9.997 36.204 0l36.203 36.204c9.997 9.997 9.997 26.206 0 36.204l-294.4 294.401c-9.998 9.997-26.207 9.997-36.204-.001z\"><\/path><\/svg>\t\t\t\t<\/span>\n\t\t\t<\/div>\n\t\t\t\n\t\t\t\t\t\t<div class=\"elementor-icon-box-content\">\n\n\t\t\t\t\t\t\t\t\t<p class=\"elementor-icon-box-title\">\n\t\t\t\t\t\t<span  >\n\t\t\t\t\t\t\tDedicaci\u00f3 al client\t\t\t\t\t\t<\/span>\n\t\t\t\t\t<\/p>\n\t\t\t\t\n\t\t\t\t\t\t\t\t\t<p class=\"elementor-icon-box-description\">\n\t\t\t\t\t\tAtenci\u00f3 personalitzada i enfocament a les necessitats de cada client.\t\t\t\t\t<\/p>\n\t\t\t\t\n\t\t\t<\/div>\n\t\t\t\n\t\t<\/div>\n\t\t\t\t\t\t<\/div>\n\t\t\t\t<\/div>\n\t\t\t\t<\/div>\n\t\t<div class=\"elementor-element elementor-element-bc99984 e-con-full e-flex e-con e-child\" data-id=\"bc99984\" data-element_type=\"container\" data-settings=\"{&quot;background_background&quot;:&quot;classic&quot;,&quot;jet_parallax_layout_list&quot;:[]}\">\n\t\t\t\t<div class=\"elementor-element elementor-element-ecff06b elementor-view-default elementor-position-top elementor-mobile-position-top elementor-widget elementor-widget-icon-box\" data-id=\"ecff06b\" data-element_type=\"widget\" data-widget_type=\"icon-box.default\">\n\t\t\t\t<div class=\"elementor-widget-container\">\n\t\t\t\t\t\t\t<div class=\"elementor-icon-box-wrapper\">\n\n\t\t\t\t\t\t<div class=\"elementor-icon-box-icon\">\n\t\t\t\t<span  class=\"elementor-icon\">\n\t\t\t\t<svg aria-hidden=\"true\" class=\"e-font-icon-svg e-fas-chart-line\" viewBox=\"0 0 512 512\" xmlns=\"http:\/\/www.w3.org\/2000\/svg\"><path d=\"M496 384H64V80c0-8.84-7.16-16-16-16H16C7.16 64 0 71.16 0 80v336c0 17.67 14.33 32 32 32h464c8.84 0 16-7.16 16-16v-32c0-8.84-7.16-16-16-16zM464 96H345.94c-21.38 0-32.09 25.85-16.97 40.97l32.4 32.4L288 242.75l-73.37-73.37c-12.5-12.5-32.76-12.5-45.25 0l-68.69 68.69c-6.25 6.25-6.25 16.38 0 22.63l22.62 22.62c6.25 6.25 16.38 6.25 22.63 0L192 237.25l73.37 73.37c12.5 12.5 32.76 12.5 45.25 0l96-96 32.4 32.4c15.12 15.12 40.97 4.41 40.97-16.97V112c.01-8.84-7.15-16-15.99-16z\"><\/path><\/svg>\t\t\t\t<\/span>\n\t\t\t<\/div>\n\t\t\t\n\t\t\t\t\t\t<div class=\"elementor-icon-box-content\">\n\n\t\t\t\t\t\t\t\t\t<p class=\"elementor-icon-box-title\">\n\t\t\t\t\t\t<span  >\n\t\t\t\t\t\t\tConst\u00e0ncia\t\t\t\t\t\t<\/span>\n\t\t\t\t\t<\/p>\n\t\t\t\t\n\t\t\t\t\t\t\t\t\t<p class=\"elementor-icon-box-description\">\n\t\t\t\t\t\tRelacions duradores, responsabilitat i visi\u00f3 orientada a limpacte positiu.\t\t\t\t\t<\/p>\n\t\t\t\t\n\t\t\t<\/div>\n\t\t\t\n\t\t<\/div>\n\t\t\t\t\t\t<\/div>\n\t\t\t\t<\/div>\n\t\t\t\t<\/div>\n\t\t<div class=\"elementor-element elementor-element-2ed848e e-con-full e-flex e-con e-child\" data-id=\"2ed848e\" data-element_type=\"container\" data-settings=\"{&quot;background_background&quot;:&quot;classic&quot;,&quot;jet_parallax_layout_list&quot;:[]}\">\n\t\t\t\t<div class=\"elementor-element elementor-element-0c3def4 elementor-view-default elementor-position-top elementor-mobile-position-top elementor-widget elementor-widget-icon-box\" data-id=\"0c3def4\" data-element_type=\"widget\" data-widget_type=\"icon-box.default\">\n\t\t\t\t<div class=\"elementor-widget-container\">\n\t\t\t\t\t\t\t<div class=\"elementor-icon-box-wrapper\">\n\n\t\t\t\t\t\t<div class=\"elementor-icon-box-icon\">\n\t\t\t\t<span  class=\"elementor-icon\">\n\t\t\t\t<svg aria-hidden=\"true\" class=\"e-font-icon-svg e-far-lightbulb\" viewBox=\"0 0 352 512\" xmlns=\"http:\/\/www.w3.org\/2000\/svg\"><path d=\"M176 80c-52.94 0-96 43.06-96 96 0 8.84 7.16 16 16 16s16-7.16 16-16c0-35.3 28.72-64 64-64 8.84 0 16-7.16 16-16s-7.16-16-16-16zM96.06 459.17c0 3.15.93 6.22 2.68 8.84l24.51 36.84c2.97 4.46 7.97 7.14 13.32 7.14h78.85c5.36 0 10.36-2.68 13.32-7.14l24.51-36.84c1.74-2.62 2.67-5.7 2.68-8.84l.05-43.18H96.02l.04 43.18zM176 0C73.72 0 0 82.97 0 176c0 44.37 16.45 84.85 43.56 115.78 16.64 18.99 42.74 58.8 52.42 92.16v.06h48v-.12c-.01-4.77-.72-9.51-2.15-14.07-5.59-17.81-22.82-64.77-62.17-109.67-20.54-23.43-31.52-53.15-31.61-84.14-.2-73.64 59.67-128 127.95-128 70.58 0 128 57.42 128 128 0 30.97-11.24 60.85-31.65 84.14-39.11 44.61-56.42 91.47-62.1 109.46a47.507 47.507 0 0 0-2.22 14.3v.1h48v-.05c9.68-33.37 35.78-73.18 52.42-92.16C335.55 260.85 352 220.37 352 176 352 78.8 273.2 0 176 0z\"><\/path><\/svg>\t\t\t\t<\/span>\n\t\t\t<\/div>\n\t\t\t\n\t\t\t\t\t\t<div class=\"elementor-icon-box-content\">\n\n\t\t\t\t\t\t\t\t\t<p class=\"elementor-icon-box-title\">\n\t\t\t\t\t\t<span  >\n\t\t\t\t\t\t\tInnovaci\u00f3 cont\u00ednua\t\t\t\t\t\t<\/span>\n\t\t\t\t\t<\/p>\n\t\t\t\t\n\t\t\t\t\t\t\t\t\t<p class=\"elementor-icon-box-description\">\n\t\t\t\t\t\tSolucions creatives i adaptades a un mercat en evoluci\u00f3.\t\t\t\t\t<\/p>\n\t\t\t\t\n\t\t\t<\/div>\n\t\t\t\n\t\t<\/div>\n\t\t\t\t\t\t<\/div>\n\t\t\t\t<\/div>\n\t\t\t\t<\/div>\n\t\t\t\t\t<\/div>\n\t\t\t\t<\/div>\n\t\t<div class=\"elementor-element elementor-element-e6c12c2 e-flex e-con-boxed e-con e-parent\" data-id=\"e6c12c2\" data-element_type=\"container\" data-settings=\"{&quot;jet_parallax_layout_list&quot;:[{&quot;jet_parallax_layout_image&quot;:{&quot;url&quot;:&quot;&quot;,&quot;id&quot;:&quot;&quot;,&quot;size&quot;:&quot;&quot;},&quot;_id&quot;:&quot;6daa41d&quot;,&quot;jet_parallax_layout_image_tablet&quot;:{&quot;url&quot;:&quot;&quot;,&quot;id&quot;:&quot;&quot;,&quot;size&quot;:&quot;&quot;},&quot;jet_parallax_layout_image_mobile&quot;:{&quot;url&quot;:&quot;&quot;,&quot;id&quot;:&quot;&quot;,&quot;size&quot;:&quot;&quot;},&quot;jet_parallax_layout_speed&quot;:{&quot;unit&quot;:&quot;%&quot;,&quot;size&quot;:&quot;50&quot;,&quot;sizes&quot;:[]},&quot;jet_parallax_layout_bg_x&quot;:&quot;50&quot;,&quot;jet_parallax_layout_bg_y&quot;:&quot;50&quot;,&quot;jet_parallax_layout_type&quot;:&quot;scroll&quot;,&quot;jet_parallax_layout_direction&quot;:null,&quot;jet_parallax_layout_fx_direction&quot;:null,&quot;jet_parallax_layout_z_index&quot;:&quot;&quot;,&quot;jet_parallax_layout_bg_x_tablet&quot;:&quot;&quot;,&quot;jet_parallax_layout_bg_x_mobile&quot;:&quot;&quot;,&quot;jet_parallax_layout_bg_y_tablet&quot;:&quot;&quot;,&quot;jet_parallax_layout_bg_y_mobile&quot;:&quot;&quot;,&quot;jet_parallax_layout_bg_size&quot;:&quot;auto&quot;,&quot;jet_parallax_layout_bg_size_tablet&quot;:&quot;&quot;,&quot;jet_parallax_layout_bg_size_mobile&quot;:&quot;&quot;,&quot;jet_parallax_layout_animation_prop&quot;:&quot;transform&quot;,&quot;jet_parallax_layout_on&quot;:[&quot;desktop&quot;,&quot;tablet&quot;]}]}\">\n\t\t\t\t\t<div class=\"e-con-inner\">\n\t\t<div class=\"elementor-element elementor-element-0550ba6 e-con-full e-flex e-con e-child\" data-id=\"0550ba6\" data-element_type=\"container\" data-settings=\"{&quot;jet_parallax_layout_list&quot;:[]}\">\n\t\t\t\t<div class=\"elementor-element elementor-element-574f176 elementor-mobile-align-left elementor-align-left elementor-widget elementor-widget-raven-heading\" data-id=\"574f176\" data-element_type=\"widget\" data-widget_type=\"raven-heading.default\">\n\t\t\t\t<div class=\"elementor-widget-container\">\n\t\t\t\t\t\t\t<div class=\"raven-widget-wrapper\"><h2 class=\"raven-heading raven-heading-h2\"><span class=\"raven-heading-title \">Responsabilitat social corporativa<\/span><\/h2><\/div>\r\n\t\t\t\t\t\t<\/div>\n\t\t\t\t<\/div>\n\t\t\t\t<div class=\"elementor-element elementor-element-97e131b elementor-widget elementor-widget-text-editor\" data-id=\"97e131b\" data-element_type=\"widget\" data-widget_type=\"text-editor.default\">\n\t\t\t\t<div class=\"elementor-widget-container\">\n\t\t\t\t\t\t\t\t\t<p>A <strong>Alfredo Vergara S.L.<\/strong> reafirmem el nostre <strong>comprom\u00eds \u00e8tic i social<\/strong> mitjan\u00e7ant una <a href=\"http:\/\/alfredovergara.com\/wp-content\/uploads\/RESPONSABILITAT-SOCIAL-CORPORATIVA.pdf\"><strong>Norma de Responsabilitat Social Corporativa<\/strong><\/a> que guia la nostra activitat empresarial. Aquesta norma incorpora criteris \u00e8tics, socials i mediambientals, reflectint l&#8217;impacte del nostre treball en empleats, clients, prove\u00efdors i en la societat en conjunt.<\/p><p>Comptem a m\u00e9s amb un <a href=\"http:\/\/alfredovergara.com\/wp-content\/uploads\/CODI-DE-CONDUCTA.pdf\"><strong>Codi de Conducta<\/strong><\/a> que garanteix relacions respectuoses i responsables tant a nivell intern com a extern.<\/p><p>Per a m\u00e9s informaci\u00f3, ens pots escriure a: <a href=\"mailto:rsc@alfredovergara.com\">rsc@alfredovergara.com<\/a><\/p>\t\t\t\t\t\t\t\t<\/div>\n\t\t\t\t<\/div>\n\t\t\t\t<\/div>\n\t\t\t\t\t<\/div>\n\t\t\t\t<\/div>\n\t\t<div class=\"elementor-element elementor-element-18d1220 e-flex e-con-boxed e-con e-parent\" data-id=\"18d1220\" data-element_type=\"container\" data-settings=\"{&quot;jet_parallax_layout_list&quot;:[{&quot;jet_parallax_layout_image&quot;:{&quot;url&quot;:&quot;&quot;,&quot;id&quot;:&quot;&quot;,&quot;size&quot;:&quot;&quot;},&quot;_id&quot;:&quot;6daa41d&quot;,&quot;jet_parallax_layout_image_tablet&quot;:{&quot;url&quot;:&quot;&quot;,&quot;id&quot;:&quot;&quot;,&quot;size&quot;:&quot;&quot;},&quot;jet_parallax_layout_image_mobile&quot;:{&quot;url&quot;:&quot;&quot;,&quot;id&quot;:&quot;&quot;,&quot;size&quot;:&quot;&quot;},&quot;jet_parallax_layout_speed&quot;:{&quot;unit&quot;:&quot;%&quot;,&quot;size&quot;:&quot;50&quot;,&quot;sizes&quot;:[]},&quot;jet_parallax_layout_bg_x&quot;:&quot;50&quot;,&quot;jet_parallax_layout_bg_y&quot;:&quot;50&quot;,&quot;jet_parallax_layout_type&quot;:&quot;scroll&quot;,&quot;jet_parallax_layout_direction&quot;:null,&quot;jet_parallax_layout_fx_direction&quot;:null,&quot;jet_parallax_layout_z_index&quot;:&quot;&quot;,&quot;jet_parallax_layout_bg_x_tablet&quot;:&quot;&quot;,&quot;jet_parallax_layout_bg_x_mobile&quot;:&quot;&quot;,&quot;jet_parallax_layout_bg_y_tablet&quot;:&quot;&quot;,&quot;jet_parallax_layout_bg_y_mobile&quot;:&quot;&quot;,&quot;jet_parallax_layout_bg_size&quot;:&quot;auto&quot;,&quot;jet_parallax_layout_bg_size_tablet&quot;:&quot;&quot;,&quot;jet_parallax_layout_bg_size_mobile&quot;:&quot;&quot;,&quot;jet_parallax_layout_animation_prop&quot;:&quot;transform&quot;,&quot;jet_parallax_layout_on&quot;:[&quot;desktop&quot;,&quot;tablet&quot;]}]}\">\n\t\t\t\t\t<div class=\"e-con-inner\">\n\t\t<div class=\"elementor-element elementor-element-b8874ec e-con-full e-flex e-con e-child\" data-id=\"b8874ec\" data-element_type=\"container\" data-settings=\"{&quot;jet_parallax_layout_list&quot;:[]}\">\n\t\t\t\t<div class=\"elementor-element elementor-element-b550b82 elementor-mobile-align-left elementor-align-left elementor-widget elementor-widget-raven-heading\" data-id=\"b550b82\" data-element_type=\"widget\" data-widget_type=\"raven-heading.default\">\n\t\t\t\t<div class=\"elementor-widget-container\">\n\t\t\t\t\t\t\t<div class=\"raven-widget-wrapper\"><div class=\"raven-heading raven-heading-div\"><span class=\"raven-heading-title \">Empresa compromesa amb:<\/span><\/div><\/div>\r\n\t\t\t\t\t\t<\/div>\n\t\t\t\t<\/div>\n\t\t\t\t<\/div>\n\t\t\t\t\t<\/div>\n\t\t\t\t<\/div>\n\t\t<div class=\"elementor-element elementor-element-b5ffc76 e-flex e-con-boxed e-con e-parent\" data-id=\"b5ffc76\" data-element_type=\"container\" data-settings=\"{&quot;jet_parallax_layout_list&quot;:[]}\">\n\t\t\t\t\t<div class=\"e-con-inner\">\n\t\t<div class=\"elementor-element elementor-element-9fe50a9 e-con-full e-flex e-con e-child\" data-id=\"9fe50a9\" data-element_type=\"container\" data-settings=\"{&quot;jet_parallax_layout_list&quot;:[]}\">\n\t\t\t\t<div class=\"elementor-element elementor-element-bcc5078 elementor-widget elementor-widget-image\" data-id=\"bcc5078\" data-element_type=\"widget\" data-widget_type=\"image.default\">\n\t\t\t\t<div class=\"elementor-widget-container\">\n\t\t\t\t\t\t\t\t\t\t\t\t\t\t\t\t<a href=\"https:\/\/fpmaragall.org\/ca\/\" target=\"_blank\" rel=\"nofollow\">\n\t\t\t\t\t\t\t<img decoding=\"async\" width=\"314\" height=\"173\" src=\"https:\/\/alfredovergara.com\/wp-content\/uploads\/logos-FPM-slogan-pantone-cat-1.jpg\" class=\"attachment-full size-full wp-image-1980\" alt=\"\" srcset=\"https:\/\/alfredovergara.com\/wp-content\/uploads\/logos-FPM-slogan-pantone-cat-1.jpg 314w, https:\/\/alfredovergara.com\/wp-content\/uploads\/logos-FPM-slogan-pantone-cat-1-300x165.jpg 300w\" sizes=\"(max-width: 314px) 100vw, 314px\" \/>\t\t\t\t\t\t\t\t<\/a>\n\t\t\t\t\t\t\t\t\t\t\t\t\t\t\t<\/div>\n\t\t\t\t<\/div>\n\t\t\t\t<\/div>\n\t\t<div class=\"elementor-element elementor-element-285ff1b e-con-full e-flex e-con e-child\" data-id=\"285ff1b\" data-element_type=\"container\" data-settings=\"{&quot;jet_parallax_layout_list&quot;:[]}\">\n\t\t\t\t<div class=\"elementor-element elementor-element-09ffdad elementor-widget elementor-widget-text-editor\" data-id=\"09ffdad\" data-element_type=\"widget\" data-widget_type=\"text-editor.default\">\n\t\t\t\t<div class=\"elementor-widget-container\">\n\t\t\t\t\t\t\t\t\t<p>A la <a href=\"https:\/\/fpmaragall.org\/ca\/\" target=\"_blank\" rel=\"noopener\">Fundaci\u00f3 Pasqual Maragall<\/a> treballen per v\u00e8ncer la malaltia de l&#8217;Alzheimer i aconseguir un futur en qu\u00e8 l&#8217;envelliment estigui associat a experi\u00e8ncies positives.<\/p>\t\t\t\t\t\t\t\t<\/div>\n\t\t\t\t<\/div>\n\t\t\t\t<\/div>\n\t\t\t\t\t<\/div>\n\t\t\t\t<\/div>\n\t\t<div class=\"elementor-element elementor-element-3526783 e-flex e-con-boxed e-con e-parent\" data-id=\"3526783\" data-element_type=\"container\" data-settings=\"{&quot;jet_parallax_layout_list&quot;:[]}\">\n\t\t\t\t\t<div class=\"e-con-inner\">\n\t\t<div class=\"elementor-element elementor-element-be11182 e-con-full e-flex e-con e-child\" data-id=\"be11182\" data-element_type=\"container\" data-settings=\"{&quot;jet_parallax_layout_list&quot;:[]}\">\n\t\t\t\t<div class=\"elementor-element elementor-element-bb79acc elementor-widget elementor-widget-image\" data-id=\"bb79acc\" data-element_type=\"widget\" data-widget_type=\"image.default\">\n\t\t\t\t<div class=\"elementor-widget-container\">\n\t\t\t\t\t\t\t\t\t\t\t\t\t\t\t\t<a href=\"https:\/\/www.acnur.org\/\" target=\"_blank\" rel=\"nofollow\">\n\t\t\t\t\t\t\t<img decoding=\"async\" width=\"299\" height=\"67\" src=\"https:\/\/alfredovergara.com\/wp-content\/uploads\/ES-UNHCR-Blue.svg\" class=\"attachment-full size-full wp-image-1488\" alt=\"\" \/>\t\t\t\t\t\t\t\t<\/a>\n\t\t\t\t\t\t\t\t\t\t\t\t\t\t\t<\/div>\n\t\t\t\t<\/div>\n\t\t\t\t<\/div>\n\t\t<div class=\"elementor-element elementor-element-2b87f54 e-con-full e-flex e-con e-child\" data-id=\"2b87f54\" data-element_type=\"container\" data-settings=\"{&quot;jet_parallax_layout_list&quot;:[]}\">\n\t\t\t\t<div class=\"elementor-element elementor-element-53b0b78 elementor-widget elementor-widget-text-editor\" data-id=\"53b0b78\" data-element_type=\"widget\" data-widget_type=\"text-editor.default\">\n\t\t\t\t<div class=\"elementor-widget-container\">\n\t\t\t\t\t\t\t\t\t<p><a href=\"https:\/\/www.acnur.org\/\" target=\"_blank\" rel=\"noopener\">ACNUR<\/a> (Alt Comissionat de les Nacions Unides per als Refugiats) es dedica a la protecci\u00f3 dels refugiats, ap\u00e0trides i despla\u00e7ats al m\u00f3n.<\/p>\t\t\t\t\t\t\t\t<\/div>\n\t\t\t\t<\/div>\n\t\t\t\t<\/div>\n\t\t\t\t\t<\/div>\n\t\t\t\t<\/div>\n\t\t<div class=\"elementor-element elementor-element-4a62ac5 e-flex e-con-boxed e-con e-parent\" data-id=\"4a62ac5\" data-element_type=\"container\" data-settings=\"{&quot;jet_parallax_layout_list&quot;:[]}\">\n\t\t\t\t\t<div class=\"e-con-inner\">\n\t\t<div class=\"elementor-element elementor-element-8087941 e-con-full e-flex e-con e-child\" data-id=\"8087941\" data-element_type=\"container\" data-settings=\"{&quot;jet_parallax_layout_list&quot;:[]}\">\n\t\t\t\t<div class=\"elementor-element elementor-element-0209cd6 elementor-widget elementor-widget-image\" data-id=\"0209cd6\" data-element_type=\"widget\" data-widget_type=\"image.default\">\n\t\t\t\t<div class=\"elementor-widget-container\">\n\t\t\t\t\t\t\t\t\t\t\t\t\t\t\t\t<a href=\"https:\/\/busf.org\/\" target=\"_blank\" rel=\"nofollow\">\n\t\t\t\t\t\t\t<img loading=\"lazy\" decoding=\"async\" width=\"574\" height=\"126\" src=\"https:\/\/alfredovergara.com\/wp-content\/uploads\/bomberos-unidos-sin-fronteras.png\" class=\"attachment-full size-full wp-image-1490\" alt=\"\" srcset=\"https:\/\/alfredovergara.com\/wp-content\/uploads\/bomberos-unidos-sin-fronteras.png 574w, https:\/\/alfredovergara.com\/wp-content\/uploads\/bomberos-unidos-sin-fronteras-300x66.png 300w\" sizes=\"(max-width: 574px) 100vw, 574px\" \/>\t\t\t\t\t\t\t\t<\/a>\n\t\t\t\t\t\t\t\t\t\t\t\t\t\t\t<\/div>\n\t\t\t\t<\/div>\n\t\t\t\t<\/div>\n\t\t<div class=\"elementor-element elementor-element-8b69868 e-con-full e-flex e-con e-child\" data-id=\"8b69868\" data-element_type=\"container\" data-settings=\"{&quot;jet_parallax_layout_list&quot;:[]}\">\n\t\t\t\t<div class=\"elementor-element elementor-element-b02f437 elementor-widget elementor-widget-text-editor\" data-id=\"b02f437\" data-element_type=\"widget\" data-widget_type=\"text-editor.default\">\n\t\t\t\t<div class=\"elementor-widget-container\">\n\t\t\t\t\t\t\t\t\t<p><a href=\"https:\/\/busf.org\/\" target=\"_blank\" rel=\"noopener\">Bombers Units Dense Fronteres<\/a> est\u00e0 especialitzada en la intervenci\u00f3 davant de cat\u00e0strofes arreu del m\u00f3n, amb una resposta r\u00e0pida i efica\u00e7 a trav\u00e9s d&#8217;equips de bombers rescatistes i assist\u00e8ncia m\u00e8dica sanit\u00e0ria d&#8217;emerg\u00e8ncia. Tamb\u00e9 realitzem projectes de cooperaci\u00f3 tant a territori nacional com internacional.<\/p>\t\t\t\t\t\t\t\t<\/div>\n\t\t\t\t<\/div>\n\t\t\t\t<\/div>\n\t\t\t\t\t<\/div>\n\t\t\t\t<\/div>\n\t\t<div class=\"elementor-element elementor-element-f37dc67 e-flex e-con-boxed e-con e-parent\" data-id=\"f37dc67\" data-element_type=\"container\" data-settings=\"{&quot;jet_parallax_layout_list&quot;:[]}\">\n\t\t\t\t\t<div class=\"e-con-inner\">\n\t\t<div class=\"elementor-element elementor-element-a048102 e-con-full e-flex e-con e-child\" data-id=\"a048102\" data-element_type=\"container\" data-settings=\"{&quot;jet_parallax_layout_list&quot;:[]}\">\n\t\t\t\t<div class=\"elementor-element elementor-element-4740862 elementor-widget elementor-widget-image\" data-id=\"4740862\" data-element_type=\"widget\" data-widget_type=\"image.default\">\n\t\t\t\t<div class=\"elementor-widget-container\">\n\t\t\t\t\t\t\t\t\t\t\t\t\t\t\t\t<a href=\"https:\/\/pintoresbocapie.com\/\" target=\"_blank\" rel=\"nofollow\">\n\t\t\t\t\t\t\t<img loading=\"lazy\" decoding=\"async\" width=\"400\" height=\"184\" src=\"https:\/\/alfredovergara.com\/wp-content\/uploads\/APBP-1.jpg\" class=\"attachment-full size-full wp-image-1532\" alt=\"Asociaci\u00f3n de Pintores con la Boca y con el Pie\" srcset=\"https:\/\/alfredovergara.com\/wp-content\/uploads\/APBP-1.jpg 400w, https:\/\/alfredovergara.com\/wp-content\/uploads\/APBP-1-300x138.jpg 300w\" sizes=\"(max-width: 400px) 100vw, 400px\" \/>\t\t\t\t\t\t\t\t<\/a>\n\t\t\t\t\t\t\t\t\t\t\t\t\t\t\t<\/div>\n\t\t\t\t<\/div>\n\t\t\t\t<\/div>\n\t\t<div class=\"elementor-element elementor-element-ecfc341 e-con-full e-flex e-con e-child\" data-id=\"ecfc341\" data-element_type=\"container\" data-settings=\"{&quot;jet_parallax_layout_list&quot;:[]}\">\n\t\t\t\t<div class=\"elementor-element elementor-element-68a8ff8 elementor-widget elementor-widget-text-editor\" data-id=\"68a8ff8\" data-element_type=\"widget\" data-widget_type=\"text-editor.default\">\n\t\t\t\t<div class=\"elementor-widget-container\">\n\t\t\t\t\t\t\t\t\t<p><a href=\"https:\/\/pintoresbocapie.com\/\" target=\"_blank\" rel=\"noopener\">Associaci\u00f3 de Pintors amb la Boca i amb el Peu<\/a> es dedica a la venda de targetes de Nadal i de Primavera, calendaris, llibres, agendes, paper de regal, l\u00e0mines o puzles, entre altres productes, fets a partir de les reproduccions de l&#8217;obra d&#8217;artistes que a causa de la seva discapacitat f\u00edsica, ja sigui per malalties o per accidents, amb la seva boca o amb accidents.<\/p>\t\t\t\t\t\t\t\t<\/div>\n\t\t\t\t<\/div>\n\t\t\t\t<\/div>\n\t\t\t\t\t<\/div>\n\t\t\t\t<\/div>\n\t\t\t\t<\/div>\n\t\t","protected":false},"excerpt":{"rendered":"<p>Compromesos amb la distribuci\u00f3 d&#8217;aromes industrials a Espanya Hist\u00f2ria i creixement d&#8217;Alfredo Vergara S.L. Des de 1992, Alfredo Vergara S.L. distribueix en exclusiva les aromes de dsm-firmenich a Espanya per a les ind\u00fastries aliment\u00e0ria i farmac\u00e8utica. La nostra tasca va n\u00e9ixer per refor\u00e7ar la seva pres\u00e8ncia local, liderada per qui en fos el director comercial [&hellip;]<\/p>\n","protected":false},"author":1,"featured_media":0,"parent":0,"menu_order":0,"comment_status":"closed","ping_status":"closed","template":"elementor_header_footer","meta":{"_acf_changed":false,"footnotes":""},"class_list":["post-1553","page","type-page","status-publish","hentry"],"acf":[],"yoast_head":"<!-- This site is optimized with the Yoast SEO plugin v26.6 - https:\/\/yoast.com\/wordpress\/plugins\/seo\/ -->\n<title>Qui Som | Distribuidor de Aromas Firmenich en Espa\u00f1a<\/title>\n<meta name=\"description\" content=\"Coneix la hist\u00f2ria d&#039;Alfredo Vergara S.L., distribu\u00efdor exclusiu de Firmenich a Espanya per al sector alimentari i farmac\u00e8utic. Experi\u00e8ncia, valors i comprom\u00eds.\" \/>\n<meta name=\"robots\" content=\"index, follow, max-snippet:-1, max-image-preview:large, max-video-preview:-1\" \/>\n<link rel=\"canonical\" href=\"https:\/\/alfredovergara.com\/ca\/qui-som\/\" \/>\n<meta property=\"og:locale\" content=\"ca_ES\" \/>\n<meta property=\"og:type\" content=\"article\" \/>\n<meta property=\"og:title\" content=\"Qui Som | Distribuidor de Aromas Firmenich en Espa\u00f1a\" \/>\n<meta property=\"og:description\" content=\"Coneix la hist\u00f2ria d&#039;Alfredo Vergara S.L., distribu\u00efdor exclusiu de Firmenich a Espanya per al sector alimentari i farmac\u00e8utic. Experi\u00e8ncia, valors i comprom\u00eds.\" \/>\n<meta property=\"og:url\" content=\"https:\/\/alfredovergara.com\/ca\/qui-som\/\" \/>\n<meta property=\"og:site_name\" content=\"Alfredo Vergara S.L.\" \/>\n<meta property=\"article:modified_time\" content=\"2025-07-11T11:00:29+00:00\" \/>\n<meta property=\"og:image\" content=\"https:\/\/alfredovergara.com\/wp-content\/uploads\/Edificio_Vergara.png\" \/>\n\t<meta property=\"og:image:width\" content=\"1114\" \/>\n\t<meta property=\"og:image:height\" content=\"1191\" \/>\n\t<meta property=\"og:image:type\" content=\"image\/png\" \/>\n<meta name=\"twitter:card\" content=\"summary_large_image\" \/>\n<meta name=\"twitter:label1\" content=\"Temps estimat de lectura\" \/>\n\t<meta name=\"twitter:data1\" content=\"4 minuts\" \/>\n<script type=\"application\/ld+json\" class=\"yoast-schema-graph\">{\"@context\":\"https:\/\/schema.org\",\"@graph\":[{\"@type\":\"WebPage\",\"@id\":\"https:\/\/alfredovergara.com\/ca\/qui-som\/\",\"url\":\"https:\/\/alfredovergara.com\/ca\/qui-som\/\",\"name\":\"Qui Som | Distribuidor de Aromas Firmenich en Espa\u00f1a\",\"isPartOf\":{\"@id\":\"https:\/\/alfredovergara.com\/ca\/#website\"},\"primaryImageOfPage\":{\"@id\":\"https:\/\/alfredovergara.com\/ca\/qui-som\/#primaryimage\"},\"image\":{\"@id\":\"https:\/\/alfredovergara.com\/ca\/qui-som\/#primaryimage\"},\"thumbnailUrl\":\"https:\/\/alfredovergara.com\/wp-content\/uploads\/Edificio_Vergara.png\",\"datePublished\":\"2019-07-04T07:11:36+00:00\",\"dateModified\":\"2025-07-11T11:00:29+00:00\",\"description\":\"Coneix la hist\u00f2ria d'Alfredo Vergara S.L., distribu\u00efdor exclusiu de Firmenich a Espanya per al sector alimentari i farmac\u00e8utic. Experi\u00e8ncia, valors i comprom\u00eds.\",\"breadcrumb\":{\"@id\":\"https:\/\/alfredovergara.com\/ca\/qui-som\/#breadcrumb\"},\"inLanguage\":\"ca\",\"potentialAction\":[{\"@type\":\"ReadAction\",\"target\":[\"https:\/\/alfredovergara.com\/ca\/qui-som\/\"]}]},{\"@type\":\"ImageObject\",\"inLanguage\":\"ca\",\"@id\":\"https:\/\/alfredovergara.com\/ca\/qui-som\/#primaryimage\",\"url\":\"https:\/\/alfredovergara.com\/wp-content\/uploads\/Edificio_Vergara.png\",\"contentUrl\":\"https:\/\/alfredovergara.com\/wp-content\/uploads\/Edificio_Vergara.png\"},{\"@type\":\"BreadcrumbList\",\"@id\":\"https:\/\/alfredovergara.com\/ca\/qui-som\/#breadcrumb\",\"itemListElement\":[{\"@type\":\"ListItem\",\"position\":1,\"name\":\"Portada\",\"item\":\"https:\/\/alfredovergara.com\/ca\/\"},{\"@type\":\"ListItem\",\"position\":2,\"name\":\"Qui Som\"}]},{\"@type\":\"WebSite\",\"@id\":\"https:\/\/alfredovergara.com\/ca\/#website\",\"url\":\"https:\/\/alfredovergara.com\/ca\/\",\"name\":\"Alfredo Vergara S.L.\",\"description\":\"Distribuidor de Aromas Industriales Firmenich\",\"potentialAction\":[{\"@type\":\"SearchAction\",\"target\":{\"@type\":\"EntryPoint\",\"urlTemplate\":\"https:\/\/alfredovergara.com\/ca\/?s={search_term_string}\"},\"query-input\":{\"@type\":\"PropertyValueSpecification\",\"valueRequired\":true,\"valueName\":\"search_term_string\"}}],\"inLanguage\":\"ca\"}]}<\/script>\n<!-- \/ Yoast SEO plugin. -->","yoast_head_json":{"title":"Qui Som | Distribuidor de Aromas Firmenich en Espa\u00f1a","description":"Coneix la hist\u00f2ria d'Alfredo Vergara S.L., distribu\u00efdor exclusiu de Firmenich a Espanya per al sector alimentari i farmac\u00e8utic. Experi\u00e8ncia, valors i comprom\u00eds.","robots":{"index":"index","follow":"follow","max-snippet":"max-snippet:-1","max-image-preview":"max-image-preview:large","max-video-preview":"max-video-preview:-1"},"canonical":"https:\/\/alfredovergara.com\/ca\/qui-som\/","og_locale":"ca_ES","og_type":"article","og_title":"Qui Som | Distribuidor de Aromas Firmenich en Espa\u00f1a","og_description":"Coneix la hist\u00f2ria d'Alfredo Vergara S.L., distribu\u00efdor exclusiu de Firmenich a Espanya per al sector alimentari i farmac\u00e8utic. Experi\u00e8ncia, valors i comprom\u00eds.","og_url":"https:\/\/alfredovergara.com\/ca\/qui-som\/","og_site_name":"Alfredo Vergara S.L.","article_modified_time":"2025-07-11T11:00:29+00:00","og_image":[{"width":1114,"height":1191,"url":"https:\/\/alfredovergara.com\/wp-content\/uploads\/Edificio_Vergara.png","type":"image\/png"}],"twitter_card":"summary_large_image","twitter_misc":{"Temps estimat de lectura":"4 minuts"},"schema":{"@context":"https:\/\/schema.org","@graph":[{"@type":"WebPage","@id":"https:\/\/alfredovergara.com\/ca\/qui-som\/","url":"https:\/\/alfredovergara.com\/ca\/qui-som\/","name":"Qui Som | Distribuidor de Aromas Firmenich en Espa\u00f1a","isPartOf":{"@id":"https:\/\/alfredovergara.com\/ca\/#website"},"primaryImageOfPage":{"@id":"https:\/\/alfredovergara.com\/ca\/qui-som\/#primaryimage"},"image":{"@id":"https:\/\/alfredovergara.com\/ca\/qui-som\/#primaryimage"},"thumbnailUrl":"https:\/\/alfredovergara.com\/wp-content\/uploads\/Edificio_Vergara.png","datePublished":"2019-07-04T07:11:36+00:00","dateModified":"2025-07-11T11:00:29+00:00","description":"Coneix la hist\u00f2ria d'Alfredo Vergara S.L., distribu\u00efdor exclusiu de Firmenich a Espanya per al sector alimentari i farmac\u00e8utic. Experi\u00e8ncia, valors i comprom\u00eds.","breadcrumb":{"@id":"https:\/\/alfredovergara.com\/ca\/qui-som\/#breadcrumb"},"inLanguage":"ca","potentialAction":[{"@type":"ReadAction","target":["https:\/\/alfredovergara.com\/ca\/qui-som\/"]}]},{"@type":"ImageObject","inLanguage":"ca","@id":"https:\/\/alfredovergara.com\/ca\/qui-som\/#primaryimage","url":"https:\/\/alfredovergara.com\/wp-content\/uploads\/Edificio_Vergara.png","contentUrl":"https:\/\/alfredovergara.com\/wp-content\/uploads\/Edificio_Vergara.png"},{"@type":"BreadcrumbList","@id":"https:\/\/alfredovergara.com\/ca\/qui-som\/#breadcrumb","itemListElement":[{"@type":"ListItem","position":1,"name":"Portada","item":"https:\/\/alfredovergara.com\/ca\/"},{"@type":"ListItem","position":2,"name":"Qui Som"}]},{"@type":"WebSite","@id":"https:\/\/alfredovergara.com\/ca\/#website","url":"https:\/\/alfredovergara.com\/ca\/","name":"Alfredo Vergara S.L.","description":"Distribuidor de Aromas Industriales Firmenich","potentialAction":[{"@type":"SearchAction","target":{"@type":"EntryPoint","urlTemplate":"https:\/\/alfredovergara.com\/ca\/?s={search_term_string}"},"query-input":{"@type":"PropertyValueSpecification","valueRequired":true,"valueName":"search_term_string"}}],"inLanguage":"ca"}]}},"_links":{"self":[{"href":"https:\/\/alfredovergara.com\/ca\/wp-json\/wp\/v2\/pages\/1553","targetHints":{"allow":["GET"]}}],"collection":[{"href":"https:\/\/alfredovergara.com\/ca\/wp-json\/wp\/v2\/pages"}],"about":[{"href":"https:\/\/alfredovergara.com\/ca\/wp-json\/wp\/v2\/types\/page"}],"author":[{"embeddable":true,"href":"https:\/\/alfredovergara.com\/ca\/wp-json\/wp\/v2\/users\/1"}],"replies":[{"embeddable":true,"href":"https:\/\/alfredovergara.com\/ca\/wp-json\/wp\/v2\/comments?post=1553"}],"version-history":[{"count":25,"href":"https:\/\/alfredovergara.com\/ca\/wp-json\/wp\/v2\/pages\/1553\/revisions"}],"predecessor-version":[{"id":1991,"href":"https:\/\/alfredovergara.com\/ca\/wp-json\/wp\/v2\/pages\/1553\/revisions\/1991"}],"wp:attachment":[{"href":"https:\/\/alfredovergara.com\/ca\/wp-json\/wp\/v2\/media?parent=1553"}],"curies":[{"name":"wp","href":"https:\/\/api.w.org\/{rel}","templated":true}]}}